{"id":681,"date":"2018-01-29T11:35:54","date_gmt":"2018-01-29T09:35:54","guid":{"rendered":"http:\/\/periodisme-dades.uoc.edu\/?page_id=681"},"modified":"2018-01-29T11:35:54","modified_gmt":"2018-01-29T09:35:54","slug":"5-2-1-introduccion","status":"publish","type":"page","link":"http:\/\/periodisme-dades.recursos.uoc.edu\/es\/5-2-1-introduccion\/","title":{"rendered":"5.2.1. Introducci\u00f3n"},"content":{"rendered":"<p>En t\u00e9rminos generales, existen tres g\u00e9neros period\u00edsticos que se dividen en tres grandes bloques, en funci\u00f3n de la implicaci\u00f3n del autor con el texto: el g\u00e9nero informativo, el g\u00e9nero interpretativo y la opini\u00f3n. Estos g\u00e9neros tambi\u00e9n implican un menor o mayor grado de creatividad y de subjetividad. A continuaci\u00f3n, hacemos una recopilaci\u00f3n de los principales rasgos caracter\u00edsticos de los tres g\u00e9neros y subg\u00e9neros que identifica <a href=\"javascript:void(0);\" class=\"tooltip\" data-toggle=\"popover\" data-placement=\"bottom\" data-content=\"<strong>S. F. Parrat<\/strong> (2008). <em>G\u00e9neros period\u00edsticos en prensa<\/em> (p\u00e1gs. 88-98). Quito-Ecuador: Quipus, CIESPAL.\" data-placement=\"top\" data-html=\"true\" >Sonia F. Parrat <\/a> (2008).<\/p>\n<figure id=\"attachment_585\" aria-describedby=\"caption-attachment-585\" style=\"width: 800px\" class=\"wp-caption aligncenter\"><img loading=\"lazy\" class=\"alignnone size-full wp-image-585\" src=\"\/wp-content\/uploads\/2018\/01\/m1450_m5_04.jpg\" alt=\"Fuente: Sonia F. Parrat (2008).\" width=\"800\" height=\"370\" srcset=\"\/wp-content\/uploads\/2018\/01\/m1450_m5_04.jpg 800w, \/wp-content\/uploads\/2018\/01\/m1450_m5_04-300x139.jpg 300w, \/wp-content\/uploads\/2018\/01\/m1450_m5_04-768x355.jpg 768w\" sizes=\"(max-width: 800px) 100vw, 800px\" \/><figcaption id=\"caption-attachment-585\" class=\"wp-caption-text\">Fuente: Sonia F. Parrat (2008).<\/figcaption><\/figure>\n<p>&nbsp;<\/p>\n","protected":false},"excerpt":{"rendered":"<p>En t\u00e9rminos generales, existen tres g\u00e9neros period\u00edsticos que se dividen en tres grandes bloques, en funci\u00f3n de la implicaci\u00f3n del autor con el texto: el g\u00e9nero informativo, el g\u00e9nero interpretativo y la opini\u00f3n. Estos g\u00e9neros tambi\u00e9n implican un menor o mayor grado de creatividad y de subjetividad. A continuaci\u00f3n, hacemos una recopilaci\u00f3n de los principales [&hellip;]<\/p>\n","protected":false},"author":1,"featured_media":0,"parent":0,"menu_order":0,"comment_status":"closed","ping_status":"closed","template":"","meta":[],"_links":{"self":[{"href":"http:\/\/periodisme-dades.recursos.uoc.edu\/es\/wp-json\/wp\/v2\/pages\/681"}],"collection":[{"href":"http:\/\/periodisme-dades.recursos.uoc.edu\/es\/wp-json\/wp\/v2\/pages"}],"about":[{"href":"http:\/\/periodisme-dades.recursos.uoc.edu\/es\/wp-json\/wp\/v2\/types\/page"}],"author":[{"embeddable":true,"href":"http:\/\/periodisme-dades.recursos.uoc.edu\/es\/wp-json\/wp\/v2\/users\/1"}],"replies":[{"embeddable":true,"href":"http:\/\/periodisme-dades.recursos.uoc.edu\/es\/wp-json\/wp\/v2\/comments?post=681"}],"version-history":[{"count":1,"href":"http:\/\/periodisme-dades.recursos.uoc.edu\/es\/wp-json\/wp\/v2\/pages\/681\/revisions"}],"predecessor-version":[{"id":684,"href":"http:\/\/periodisme-dades.recursos.uoc.edu\/es\/wp-json\/wp\/v2\/pages\/681\/revisions\/684"}],"wp:attachment":[{"href":"http:\/\/periodisme-dades.recursos.uoc.edu\/es\/wp-json\/wp\/v2\/media?parent=681"}],"curies":[{"name":"wp","href":"https:\/\/api.w.org\/{rel}","templated":true}]}}